{"version":"1.0","provider_name":"Franco-German University","provider_url":"https:\/\/www.dfh-ufa.org\/en","author_name":"fbo_master","author_url":"https:\/\/www.dfh-ufa.org\/en\/author\/fbo_master","title":"6. Deutsch-Franz\u00f6sisches Forum - Franco-German University","type":"rich","width":600,"height":338,"html":"<blockquote class=\"wp-embedded-content\" data-secret=\"Tqt1XyI1I7\"><a href=\"https:\/\/www.dfh-ufa.org\/en\/6-deutsch-franzoesisches-forum-2\">6. Deutsch-Franz\u00f6sisches Forum<\/a><\/blockquote><iframe sandbox=\"allow-scripts\" security=\"restricted\" src=\"https:\/\/www.dfh-ufa.org\/en\/6-deutsch-franzoesisches-forum-2\/embed#?secret=Tqt1XyI1I7\" width=\"600\" height=\"338\" title=\"&#8220;6. Deutsch-Franz\u00f6sisches Forum&#8221; &#8212; Franco-German University\" data-secret=\"Tqt1XyI1I7\" frameborder=\"0\" marginwidth=\"0\" marginheight=\"0\" scrolling=\"no\" class=\"wp-embedded-content\"><\/iframe><script type=\"text\/javascript\">\n\/*! This file is auto-generated *\/\n!function(c,d){\"use strict\";var e=!1,o=!1;if(d.querySelector)if(c.addEventListener)e=!0;if(c.wp=c.wp||{},c.wp.receiveEmbedMessage);else if(c.wp.receiveEmbedMessage=function(e){var t=e.data;if(!t);else if(!(t.secret||t.message||t.value));else if(\/[^a-zA-Z0-9]\/.test(t.secret));else{for(var r,s,a,i=d.querySelectorAll('iframe[data-secret=\"'+t.secret+'\"]'),n=d.querySelectorAll('blockquote[data-secret=\"'+t.secret+'\"]'),o=new RegExp(\"^https?:$\",\"i\"),l=0;l<n.length;l++)n[l].style.display=\"none\";for(l=0;l<i.length;l++)if(r=i[l],e.source!==r.contentWindow);else{if(r.removeAttribute(\"style\"),\"height\"===t.message){if(1e3<(s=parseInt(t.value,10)))s=1e3;else if(~~s<200)s=200;r.height=s}if(\"link\"===t.message)if(s=d.createElement(\"a\"),a=d.createElement(\"a\"),s.href=r.getAttribute(\"src\"),a.href=t.value,!o.test(a.protocol));else if(a.host===s.host)if(d.activeElement===r)c.top.location.href=t.value}}},e)c.addEventListener(\"message\",c.wp.receiveEmbedMessage,!1),d.addEventListener(\"DOMContentLoaded\",t,!1),c.addEventListener(\"load\",t,!1);function t(){if(o);else{o=!0;for(var e,t,r,s=-1!==navigator.appVersion.indexOf(\"MSIE 10\"),a=!!navigator.userAgent.match(\/Trident.*rv:11\\.\/),i=d.querySelectorAll(\"iframe.wp-embedded-content\"),n=0;n<i.length;n++){if(!(r=(t=i[n]).getAttribute(\"data-secret\")))r=Math.random().toString(36).substr(2,10),t.src+=\"#?secret=\"+r,t.setAttribute(\"data-secret\",r);if(s||a)(e=t.cloneNode(!0)).removeAttribute(\"security\"),t.parentNode.replaceChild(e,t);t.contentWindow.postMessage({message:\"ready\",secret:r},\"*\")}}}}(window,document);\n<\/script>\n","description":"Drehscheibe f\u00fcr Arbeitsmarkt und Hochschule im deutsch-franz\u00f6sischen Kontext Stra\u00dfburg, 28.\u00a0Juni 2004 Unter der Federf\u00fchrung der Deutsch-Franz\u00f6sischen Hochschule versammelt das Deutsch-Franz\u00f6sische Forum, Stellenb\u00f6rse und Studienmesse gleicherma\u00dfen, am 5. und 6. November 2004 in Stra\u00dfburg Unternehmen, Hochschulen und Mittlerorganisationen sowie Sch\u00fcler, Studierende und Absolventen. Alleine im vergangenen Jahr machten rund 170 Aussteller und gut 6.500 Besucher das [&hellip;]"}