{"id":800,"date":"2018-04-24T09:03:14","date_gmt":"2018-04-24T07:03:14","guid":{"rendered":"https:\/\/www.dfh-ufa.org\/die-dfh\/die-dfh-im-ueberblick\/organisationsstruktur\/gremien\/fachgruppen\/"},"modified":"2026-04-21T12:10:07","modified_gmt":"2026-04-21T10:10:07","slug":"fachgruppen","status":"publish","type":"page","link":"https:\/\/www.dfh-ufa.org\/en\/the-fgu\/what-is-the-fgu\/organisational-structure\/gremien\/fachgruppen","title":{"rendered":"Fachgruppen"},"content":{"rendered":"<div id=\"pl-800\"  class=\"panel-layout\" ><div id=\"pg-800-0\"  class=\"panel-grid panel-no-style\" ><div id=\"pgc-800-0-0\"  class=\"panel-grid-cell\" ><div id=\"panel-800-0-0-0\" class=\"so-panel widget widget_sow-editor panel-first-child\" data-index=\"0\" ><div class=\"so-widget-sow-editor so-widget-sow-editor-base\">\n<div class=\"siteorigin-widget-tinymce textwidget\">\n\t<p>Die Fachgruppen befassen sich mit spezifischen Entwicklungen, Problemen und Perspektiven einzelner Fachrichtungen und den Herausforderungen, die sich im Rahmen der deutsch-franz\u00f6sischen Zusammenarbeit ergeben, um die Organe der DFH in dieser Hinsicht zu beraten. Sie treffen sich mindestens einmal im Jahr beim Programmbeauftragten- und Expertentreffen.<\/p>\n<\/div>\n<\/div><\/div><div id=\"panel-800-0-0-1\" class=\"so-panel widget widget_accordion panel-last-child\" data-index=\"1\" >        <div class=\"accordion\" data-collapse=\"1\">\n\n\t\t\t\t\t\t\t\t\t\t\t\t                    <div class=\"accordion__item\" id=\"69f40a34851a3\">\n\n\t\t\t\t\t\t                            <header class=\"accordion__header\">\n                                <h2 class=\"accordion__title\">Geistes- und Sozialwissenschaften<\/h2>\n                            <\/header>\n\t\t\t\t\t\t\n\t\t\t\t\t\t                            <div class=\"accordion__content\">\n\t\t\t\t\t\t\t\t<table class=\"wp-block-table\">\n<thead>\n<tr class=\"tr-even\">\n<th>Fachgruppensprecher\/in:<\/th>\n<\/tr>\n<\/thead>\n<tbody>\n<tr class=\"tr-even\">\n<td>D - <strong>Prof. Dr. Ellen Widder<\/strong>\u00a0\u00a0\u00a0\u00a0\u00a0\u00a0\u00a0\u00a0\u00a0\u00a0\u00a0\u00a0\u00a0\u00a0\u00a0\u00a0\u00a0\u00a0\u00a0\u00a0\u00a0 Eberhard-Karls-Universit\u00e4t T\u00fcbingen<\/td>\n<\/tr>\n<tr class=\"tr-even tr-last\">\n<td>F - <strong>Dr. Jean-Marc Bobillon<\/strong>\u00a0\u00a0\u00a0\u00a0\u00a0\u00a0\u00a0\u00a0\u00a0\u00a0\u00a0\u00a0\u00a0\u00a0\u00a0\u00a0\u00a0\u00a0\u00a0\u00a0 Universit\u00e9 Nice Sophia Antipolis<\/td>\n<\/tr>\n<\/tbody>\n<\/table>\n                            <\/div>\n\t\t\t\t\t\t\n\t\t\t\t\t\t\n                    <\/div><!-- .accordion -->\n\n\t\t\t\t\n\t\t\t\t\t\t\t\t\t                    <div class=\"accordion__item\" id=\"69f40a34851ce\">\n\n\t\t\t\t\t\t                            <header class=\"accordion__header\">\n                                <h2 class=\"accordion__title\">Mathematik - Informatik, Ingenieur- und Naturwissenschaften, Architektur<\/h2>\n                            <\/header>\n\t\t\t\t\t\t\n\t\t\t\t\t\t                            <div class=\"accordion__content\">\n\t\t\t\t\t\t\t\t<table class=\"wp-block-table\">\n<thead>\n<tr class=\"tr-even\">\n<th>Fachgruppensprecher\/in:<\/th>\n<\/tr>\n<\/thead>\n<tbody>\n<tr class=\"tr-even\">\n<td>D - <strong>Prof. Dr. Christian Wagner \u00a0 \u00a0 \u00a0 \u00a0 \u00a0 \u00a0 \u00a0 \u00a0 \u00a0 \u00a0 \u00a0 \u00a0\u00a0<\/strong> Universit\u00e4t des Saarlandes<\/td>\n<\/tr>\n<tr class=\"tr-even tr-last\">\n<td>F -\u00a0<strong><span id=\"zv__CLV-main__CV__header_subject\" class=\"subject\" title=\"B\u00e9n\u00e9dicte, nicht B\u00e9r\u00e9nice ! (k.T.)\" role=\"heading\">B\u00e9n\u00e9dicte<\/span> Mah\u00e9 \u00a0 \u00a0 \u00a0 \u00a0 \u00a0 \u00a0 \u00a0 \u00a0 \u00a0 \u00a0 \u00a0 \u00a0 \u00a0 \u00a0 \u00a0 \u00a0 \u00a0 \u00a0 \u00a0 \u00a0 \u00a0 \u00a0\u00a0 <\/strong>\u00c9cole Sp\u00e9ciale des Travaux Publics, du B\u00e2timent et de l'Industrie<\/td>\n<\/tr>\n<\/tbody>\n<\/table>\n                            <\/div>\n\t\t\t\t\t\t\n\t\t\t\t\t\t\n                    <\/div><!-- .accordion -->\n\n\t\t\t\t\n\t\t\t\t\t\t\t\t\t                    <div class=\"accordion__item\" id=\"69f40a34851f2\">\n\n\t\t\t\t\t\t                            <header class=\"accordion__header\">\n                                <h2 class=\"accordion__title\">Jura<\/h2>\n                            <\/header>\n\t\t\t\t\t\t\n\t\t\t\t\t\t                            <div class=\"accordion__content\">\n\t\t\t\t\t\t\t\t<table class=\"wp-block-table\">\n<thead>\n<tr class=\"tr-even\">\n<th>Fachgruppensprecher\/in:<\/th>\n<\/tr>\n<\/thead>\n<tbody>\n<tr class=\"tr-even\">\n<td>D - <strong>Prof. Dr. Andreas Feuerborn \u00a0 \u00a0 \u00a0 \u00a0 \u00a0<\/strong> Heinrich-Heine-Universit\u00e4t D\u00fcsseldorf<\/td>\n<\/tr>\n<tr class=\"tr-even tr-last\">\n<td>F - <strong>Dr. Julien Walther \u00a0 \u00a0 \u00a0 \u00a0 \u00a0 \u00a0 \u00a0 \u00a0 \u00a0 \u00a0 \u00a0 \u00a0 \u00a0 \u00a0 \u00a0\u00a0<\/strong> Universit\u00e9 de Lorraine<\/td>\n<\/tr>\n<\/tbody>\n<\/table>\n                            <\/div>\n\t\t\t\t\t\t\n\t\t\t\t\t\t\n                    <\/div><!-- .accordion -->\n\n\t\t\t\t\n\t\t\t\t\t\t\t\t\t                    <div class=\"accordion__item\" id=\"69f40a3485211\">\n\n\t\t\t\t\t\t                            <header class=\"accordion__header\">\n                                <h2 class=\"accordion__title\">Lehrerbildung<\/h2>\n                            <\/header>\n\t\t\t\t\t\t\n\t\t\t\t\t\t                            <div class=\"accordion__content\">\n\t\t\t\t\t\t\t\t<table class=\"wp-block-table\">\n<thead>\n<tr class=\"tr-even\">\n<th>Fachgruppensprecher\/in:<\/th>\n<\/tr>\n<\/thead>\n<tbody>\n<tr class=\"tr-even\">\n<td>D - <strong>Dr. Lutz Baumann\u00a0\u00a0\u00a0\u00a0\u00a0\u00a0\u00a0\u00a0\u00a0\u00a0\u00a0\u00a0\u00a0\u00a0\u00a0\u00a0\u00a0\u00a0\u00a0 <\/strong>Johannes Gutenberg-Universit\u00e4t Mainz<\/td>\n<\/tr>\n<tr class=\"tr-even tr-last\">\n<td>F - <strong>N.N. \u00a0 \u00a0 \u00a0 \u00a0 \u00a0<\/strong><\/td>\n<\/tr>\n<tr>\n<td><\/td>\n<\/tr>\n<\/tbody>\n<\/table>\n                            <\/div>\n\t\t\t\t\t\t\n\t\t\t\t\t\t\n                    <\/div><!-- .accordion -->\n\n\t\t\t\t\n\t\t\t\t\t\t\t\t\t                    <div class=\"accordion__item\" id=\"69f40a3485231\">\n\n\t\t\t\t\t\t                            <header class=\"accordion__header\">\n                                <h2 class=\"accordion__title\">Wirtschaftswissenschaften<\/h2>\n                            <\/header>\n\t\t\t\t\t\t\n\t\t\t\t\t\t                            <div class=\"accordion__content\">\n\t\t\t\t\t\t\t\t<table class=\"wp-block-table\">\n<thead><\/thead>\n<thead>\n<tr class=\"tr-even\">\n<th>Fachgruppensprecher\/in:<\/th>\n<\/tr>\n<\/thead>\n<tbody>\n<tr class=\"tr-even\">\n<td>D - <strong>Prof. Dr. Thomas Bousonville \u00a0 \u00a0 \u00a0 \u00a0 \u00a0 \u00a0 \u00a0\u00a0<\/strong> Hochschule f\u00fcr Technik und Wirtschaft des Saarlandes<\/td>\n<\/tr>\n<tr class=\"tr-even tr-last\">\n<td>F - <strong>Dr. C\u00e9line Lasnier \u00a0 \u00a0\u00a0\u00a0\u00a0\u00a0\u00a0\u00a0\u00a0\u00a0\u00a0\u00a0\u00a0\u00a0\u00a0\u00a0\u00a0\u00a0\u00a0\u00a0\u00a0\u00a0\u00a0\u00a0\u00a0\u00a0\u00a0\u00a0\u00a0\u00a0\u00a0\u00a0\u00a0\u00a0\u00a0\u00a0\u00a0 <\/strong>Universit\u00e9 Paris-Dauphine<\/td>\n<\/tr>\n<\/tbody>\n<\/table>\n                            <\/div>\n\t\t\t\t\t\t\n\t\t\t\t\t\t\n                    <\/div><!-- .accordion -->\n\n\t\t\t\t\n\t\t\t\t\t\t\t\n        <\/div><!-- .accordion -->\n\n\t\t<\/div><\/div><\/div><\/div>","protected":false},"excerpt":{"rendered":"<p>Die Fachgruppen befassen sich mit spezifischen Entwicklungen, Problemen und Perspektiven einzelner Fachrichtungen und den Herausforderungen, die sich im Rahmen der deutsch-franz\u00f6sischen Zusammenarbeit ergeben, um die Organe der DFH in dieser Hinsicht zu beraten. Sie treffen sich mindestens einmal im Jahr beim Programmbeauftragten- und Expertentreffen.<\/p>\n","protected":false},"author":1,"featured_media":0,"parent":797,"menu_order":660,"comment_status":"closed","ping_status":"closed","template":"","meta":{"_bbp_topic_count":0,"_bbp_reply_count":0,"_bbp_total_topic_count":0,"_bbp_total_reply_count":0,"_bbp_voice_count":0,"_bbp_anonymous_reply_count":0,"_bbp_topic_count_hidden":0,"_bbp_reply_count_hidden":0,"_bbp_forum_subforum_count":0,"inline_featured_image":false},"acf":[],"_links":{"self":[{"href":"https:\/\/www.dfh-ufa.org\/en\/wp-json\/wp\/v2\/pages\/800"}],"collection":[{"href":"https:\/\/www.dfh-ufa.org\/en\/wp-json\/wp\/v2\/pages"}],"about":[{"href":"https:\/\/www.dfh-ufa.org\/en\/wp-json\/wp\/v2\/types\/page"}],"author":[{"embeddable":true,"href":"https:\/\/www.dfh-ufa.org\/en\/wp-json\/wp\/v2\/users\/1"}],"replies":[{"embeddable":true,"href":"https:\/\/www.dfh-ufa.org\/en\/wp-json\/wp\/v2\/comments?post=800"}],"version-history":[{"count":64,"href":"https:\/\/www.dfh-ufa.org\/en\/wp-json\/wp\/v2\/pages\/800\/revisions"}],"predecessor-version":[{"id":571166,"href":"https:\/\/www.dfh-ufa.org\/en\/wp-json\/wp\/v2\/pages\/800\/revisions\/571166"}],"up":[{"embeddable":true,"href":"https:\/\/www.dfh-ufa.org\/en\/wp-json\/wp\/v2\/pages\/797"}],"wp:attachment":[{"href":"https:\/\/www.dfh-ufa.org\/en\/wp-json\/wp\/v2\/media?parent=800"}],"curies":[{"name":"wp","href":"https:\/\/api.w.org\/{rel}","templated":true}]}}