{"id":837,"date":"2018-04-24T09:03:16","date_gmt":"2018-04-24T07:03:16","guid":{"rendered":"https:\/\/www.dfh-ufa.org\/fr\/associations-de-diplomes-dans-le-reseau-de-lufa"},"modified":"2026-03-10T10:51:44","modified_gmt":"2026-03-10T09:51:44","slug":"associations-de-diplomes-dans-le-reseau-de-lufa","status":"publish","type":"page","link":"https:\/\/www.dfh-ufa.org\/fr\/vous-etes\/diplome\/associations-de-diplomes-dans-le-reseau-de-lufa","title":{"rendered":"Associations de dipl\u00f4m\u00e9\u00b7es dans le r\u00e9seau de l&rsquo;UFA"},"content":{"rendered":"<div id=\"pl-837\"  class=\"panel-layout\" ><div id=\"pg-837-0\"  class=\"panel-grid panel-no-style\" ><div id=\"pgc-837-0-0\"  class=\"panel-grid-cell\" ><div id=\"panel-837-0-0-0\" class=\"so-panel widget widget_sow-editor panel-first-child\" data-index=\"0\" ><div class=\"so-widget-sow-editor so-widget-sow-editor-base\">\n<div class=\"siteorigin-widget-tinymce textwidget\">\n\t<p style=\"text-align: justify\">A l'heure actuelle, l'UFA compte pr\u00e8s de 50 associations de dipl\u00f4m\u00e9\u00b7es, issues de diff\u00e9rentes disciplines, au sein de son r\u00e9seau. Chaque ann\u00e9e, l'UFA accueille de nouvelles associations.<\/p>\n<p style=\"text-align: justify\">Les associations permettent aux dipl\u00f4m\u00e9\u00b7es de rester en contact au-del\u00e0 de leurs \u00e9tudes, entre autres, gr\u00e2ce \u00e0 l'organisation de rencontres de dipl\u00f4m\u00e9\u00b7es et de manifestations th\u00e9matiques.<\/p>\n<p style=\"text-align: justify\">L'UFA soutient les activit\u00e9s des associations de dipl\u00f4m\u00e9\u00b7es issues des cursus binationaux et trinationaux. En r\u00e8gle g\u00e9n\u00e9rale, le montant maximum du soutien annuel par coop\u00e9ration est fix\u00e9 \u00e0 2 500 euros.<\/p>\n<p><a href=\"https:\/\/www.dfh-ufa.org\/fr\/vous-etes\/diplome\/associations-de-diplomes-dans-le-reseau-de-lufa\/soutien-financier-1\" target=\"_blank\" rel=\"noopener noreferrer\">Plus d'infos par rapport au soutien financier aux activit\u00e9s des associations de dipl\u00f4m\u00e9\u00b7es<\/a><\/p>\n<p>&nbsp;<\/p>\n<h2>Les associations de dipl\u00f4m\u00e9\u00b7es dans le r\u00e9seau de l'UFA<\/h2>\n<\/div>\n<\/div><\/div><div id=\"panel-837-0-0-1\" class=\"so-panel widget widget_accordion\" data-index=\"1\" >        <div class=\"accordion\" data-collapse=\"1\">\n\n\t\t\t\t\t\t\t\t\t\t\t\t                    <div class=\"accordion__item\" id=\"69eec907841d5\">\n\n\t\t\t\t\t\t                            <header class=\"accordion__header\">\n                                <h2 class=\"accordion__title\">Sciences de l'ing\u00e9nieur &amp; Sciences<\/h2>\n                            <\/header>\n\t\t\t\t\t\t\n\t\t\t\t\t\t                            <div class=\"accordion__content\">\n\t\t\t\t\t\t\t\t<p><a href=\"http:\/\/www.mastercologneparis.info\/paypal.html\" target=\"_blank\" rel=\"noopener\"><span id=\"page3R_mcid23\" class=\"markedContent\"><span dir=\"ltr\" role=\"presentation\">Alumni Vereinigung ENSA Strasbourg \/ KIT Fakult\u00e4t f\u00fcr Architektur AVEK<\/span><\/span><\/a><span id=\"page3R_mcid24\" class=\"markedContent\"><br role=\"presentation\" \/><a href=\"https:\/\/www.regiochimica.uni-freiburg.de\/\" target=\"_blank\" rel=\"noopener\"><span dir=\"ltr\" role=\"presentation\">Amicale Regio Chimica Freiburg<\/span><span dir=\"ltr\" role=\"presentation\">-<\/span><span dir=\"ltr\" role=\"presentation\">Mulhouse<\/span><\/a><\/span><span id=\"page3R_mcid25\" class=\"markedContent\"><br role=\"presentation\" \/><a href=\"https:\/\/www.linkedin.com\/groups\/8720695\/\" target=\"_blank\" rel=\"noopener\"><span dir=\"ltr\" role=\"presentation\">Association des Alumni Franco<\/span><span dir=\"ltr\" role=\"presentation\">-<\/span><span dir=\"ltr\" role=\"presentation\">Allemands en Biologie Saarbr\u00fccken<\/span><span dir=\"ltr\" role=\"presentation\">-<\/span><span dir=\"ltr\" role=\"presentation\">Strasbourg<\/span><\/a><\/span><span id=\"page3R_mcid26\" class=\"markedContent\"><br role=\"presentation\" \/><a href=\"https:\/\/asso-aics.unistra.fr\/\" target=\"_blank\" rel=\"noopener\"><span dir=\"ltr\" role=\"presentation\">Association des Ing\u00e9nieurs<\/span> <span dir=\"ltr\" role=\"presentation\">de Chimie Strasbourg (AICS)<\/span><\/a><\/span><span id=\"page3R_mcid27\" class=\"markedContent\"><br role=\"presentation\" \/><a href=\"https:\/\/adkg.eu\/index_de\/\" target=\"_blank\" rel=\"noopener\"><span dir=\"ltr\" role=\"presentation\">Association Double<\/span><span dir=\"ltr\" role=\"presentation\">-<\/span><span dir=\"ltr\" role=\"presentation\">Dipl\u00f4m\u00e9s Karlsruhe Grenoble<\/span><\/a><\/span><span id=\"page3R_mcid28\" class=\"markedContent\"><a href=\"https:\/\/adkg.eu\/index_de\/\" target=\"_blank\" rel=\"noopener\"> (ADKG)<\/a><br role=\"presentation\" \/><a href=\"http:\/\/www.netzwerk-dd.net\/\" target=\"_blank\" rel=\"noopener\"><span dir=\"ltr\" role=\"presentation\">Netzwerk Doppeldiplom e.V. Braunschweig<\/span><span dir=\"ltr\" role=\"presentation\">-<\/span><span dir=\"ltr\" role=\"presentation\">Compi\u00e8gne<\/span><\/a><\/span><span id=\"page3R_mcid29\" class=\"markedContent\"><br role=\"presentation\" \/><a href=\"https:\/\/karlinsa.wordpress.com\/\" target=\"_blank\" rel=\"noopener\"><span dir=\"ltr\" role=\"presentation\">R\u00e9seau KarlINSA<\/span> <span dir=\"ltr\" role=\"presentation\">\u2013<\/span> <span dir=\"ltr\" role=\"presentation\">KarlINSA Netzwerk e.V. Karlsruhe<\/span><span dir=\"ltr\" role=\"presentation\">-<\/span><span dir=\"ltr\" role=\"presentation\">Lyon<\/span><\/a><\/span><span id=\"page3R_mcid30\" class=\"markedContent\"><br role=\"presentation\" \/><a href=\"http:\/\/ci.physik.uni-saarland.de\/index.php?id=132\" target=\"_blank\" rel=\"noopener\"><span dir=\"ltr\" role=\"presentation\">SaarLorLuMNI e.V. Saarbr\u00fccken<\/span><span dir=\"ltr\" role=\"presentation\">-<\/span><span dir=\"ltr\" role=\"presentation\">Nancy<\/span><span dir=\"ltr\" role=\"presentation\">-<\/span><span dir=\"ltr\" role=\"presentation\">Luxembourg<\/span><\/a><\/span><\/p>\n                            <\/div>\n\t\t\t\t\t\t\n\t\t\t\t\t\t\n                    <\/div><!-- .accordion -->\n\n\t\t\t\t\n\t\t\t\t\t\t\t\t\t                    <div class=\"accordion__item\" id=\"69eec90784227\">\n\n\t\t\t\t\t\t\n\t\t\t\t\t\t\n\t\t\t\t\t\t\n                    <\/div><!-- .accordion -->\n\n\t\t\t\t\n\t\t\t\t\t\t\t\n        <\/div><!-- .accordion -->\n\n\t\t<\/div><div id=\"panel-837-0-0-2\" class=\"so-panel widget widget_accordion\" data-index=\"2\" >        <div class=\"accordion\" data-collapse=\"1\">\n\n\t\t\t\t\t\t\t\t\t\t\t\t                    <div class=\"accordion__item\" id=\"69eec90784246\">\n\n\t\t\t\t\t\t                            <header class=\"accordion__header\">\n                                <h2 class=\"accordion__title\">Economie-Gestion<\/h2>\n                            <\/header>\n\t\t\t\t\t\t\n\t\t\t\t\t\t                            <div class=\"accordion__content\">\n\t\t\t\t\t\t\t\t<p><a href=\"https:\/\/irius.unistra.fr\/etudiants\/association-cluster-community-club\/\"><span id=\"page3R_mcid44\" class=\"markedContent\"><span dir=\"ltr\" role=\"presentation\">Alumni Master Cluster Management Kehl<\/span><span dir=\"ltr\" role=\"presentation\">-<\/span><span dir=\"ltr\" role=\"presentation\">Strasbourg<\/span><\/span><\/a><span id=\"page3R_mcid45\" class=\"markedContent\"><br role=\"presentation\" \/><a href=\"https:\/\/www.fh-zwickau.de\/studium\/studieninteressenten\/studienangebot\/regionale-und-europaeische-projektentwicklung-trinationaler-master\/\" target=\"_blank\" rel=\"noopener\"><span dir=\"ltr\" role=\"presentation\">Alumni Master Gestion de Projets R\u00e9gionaux et Europ\u00e9ens e.V.<\/span><\/a><\/span><span id=\"page3R_mcid46\" class=\"markedContent\"><br role=\"presentation\" \/><a href=\"https:\/\/master-franco-allemand.com\/alumni\/\"><span dir=\"ltr\" role=\"presentation\">Association Amicale des Alumni de l\u2019AMFA Mainz<\/span><span dir=\"ltr\" role=\"presentation\">-<\/span><span dir=\"ltr\" role=\"presentation\">Metz<\/span><\/a><\/span><span id=\"page3R_mcid47\" class=\"markedContent\"><br role=\"presentation\" \/><a href=\"https:\/\/www.dfhi-isfates.eu\/de\/\" target=\"_blank\" rel=\"noopener\"><span dir=\"ltr\" role=\"presentation\">Association des Anciens \u00c9l\u00e8ves de l'ISFATES DFHI<\/span><\/a><\/span><span id=\"page3R_mcid48\" class=\"markedContent\"><a href=\"https:\/\/www.dfhi-isfates.eu\/de\/\" target=\"_blank\" rel=\"noopener\">, Saarbr\u00fccken-Metz<\/a><br role=\"presentation\" \/><a href=\"https:\/\/www.nanterre.fr\/annuaires\/associations\/detail\/association-franco-allemande-de-gestion-et-d-economie-afage\"><span dir=\"ltr\" role=\"presentation\">Association franco<\/span><span dir=\"ltr\" role=\"presentation\">-<\/span><span dir=\"ltr\" role=\"presentation\">allemande de gest<\/span><span dir=\"ltr\" role=\"presentation\">ion et d\u2019\u00e9conomie (AFAGE) Mainz<\/span> <span dir=\"ltr\" role=\"presentation\">-<\/span> <span dir=\"ltr\" role=\"presentation\">Paris<\/span><span dir=\"ltr\" role=\"presentation\">-<\/span><span dir=\"ltr\" role=\"presentation\">Nanterre<\/span><\/a><\/span><span id=\"page3R_mcid49\" class=\"markedContent\"><br role=\"presentation\" \/><a href=\"https:\/\/www.facebook.com\/esce.hwr\/\" target=\"_blank\" rel=\"noopener\"><span dir=\"ltr\" role=\"presentation\">ESCE<\/span><span dir=\"ltr\" role=\"presentation\">-<\/span><span dir=\"ltr\" role=\"presentation\">HWR Alumni e.V. Berlin<\/span><span dir=\"ltr\" role=\"presentation\">-<\/span><span dir=\"ltr\" role=\"presentation\">Paris<\/span><\/a><\/span><span id=\"page3R_mcid50\" class=\"markedContent\"><br role=\"presentation\" \/><a href=\"https:\/\/www.uni-augsburg.de\/de\/fakultaet\/wiwi\/studienorganisation\/deutsch-franzosisches-management-msc\/alumni-und-studierendenverein-faare-ev\/\"><span dir=\"ltr\" role=\"presentation\">FAARE e.V. Augsburg<\/span><span dir=\"ltr\" role=\"presentation\">-<\/span><span dir=\"ltr\" role=\"presentation\">Rennes<\/span><\/a><\/span><span id=\"page3R_mcid51\" class=\"markedContent\"><br role=\"presentation\" \/><a href=\"https:\/\/www.alumni-lr-excelia-group.org\" target=\"_blank\" rel=\"noopener\"><span dir=\"ltr\" role=\"presentation\">FHDO Alumni France e.V.<\/span><\/a><\/span><span id=\"page3R_mcid52\" class=\"markedContent\"><br role=\"presentation\" \/><a href=\"https:\/\/www.facebook.com\/groups\/ibm.uha.dhbw.fhnw\/\" target=\"_blank\" rel=\"noopener\"><span dir=\"ltr\" role=\"presentation\">International Business Management Association (IBMA) L\u00f6rrach<\/span><span dir=\"ltr\" role=\"presentation\">-<\/span><span dir=\"ltr\" role=\"presentation\">Mulhouse<\/span><span dir=\"ltr\" role=\"presentation\">-<\/span><span dir=\"ltr\" role=\"presentation\">Basel<\/span><\/a><\/span><br \/>\n<a href=\"https:\/\/www.facebook.com\/esce.hwr\/\">ESCE HWR ALUMNI Association des dipl\u00f4m\u00e9s Verein der Absolventen<\/a><br \/>\n<a href=\"https:\/\/www.wiwi.uni-augsburg.de\/dfm\/Alumni-_-FAARE\/\">FAARE (Franco-Allemand Augsburg Rennes Economie e.V.)<\/a><\/p>\n                            <\/div>\n\t\t\t\t\t\t\n\t\t\t\t\t\t\n                    <\/div><!-- .accordion -->\n\n\t\t\t\t\n\t\t\t\t\t\t\t\n        <\/div><!-- .accordion -->\n\n\t\t<\/div><div id=\"panel-837-0-0-3\" class=\"so-panel widget widget_accordion\" data-index=\"3\" >        <div class=\"accordion\" data-collapse=\"1\">\n\n\t\t\t\t\t\t\t\t\t\t\t\t                    <div class=\"accordion__item\" id=\"69eec907842bc\">\n\n\t\t\t\t\t\t                            <header class=\"accordion__header\">\n                                <h2 class=\"accordion__title\">Droit<\/h2>\n                            <\/header>\n\t\t\t\t\t\t\n\t\t\t\t\t\t                            <div class=\"accordion__content\">\n\t\t\t\t\t\t\t\t<p><a href=\"https:\/\/www.instagram.com\/doppelmaster\/\" target=\"_blank\" rel=\"noopener\"><span id=\"page3R_mcid34\" class=\"markedContent\"><span dir=\"ltr\" role=\"presentation\">Alumniverein<\/span> <span dir=\"ltr\" role=\"presentation\">des Doppelmasters Deutsch<\/span><span dir=\"ltr\" role=\"presentation\">-<\/span><span dir=\"ltr\" role=\"presentation\">Franz\u00f6sisches Recht e.V. Freiburg Strasbourg<\/span><\/span><\/a><span id=\"page3R_mcid35\" class=\"markedContent\"><br role=\"presentation\" \/><a href=\"https:\/\/acfananterre.wordpress.com\/\" target=\"_blank\" rel=\"noopener\"><span dir=\"ltr\" role=\"presentation\">Association des dipl\u00f4m\u00e9s du Cursus Franco<\/span><span dir=\"ltr\" role=\"presentation\">-<\/span><span dir=\"ltr\" role=\"presentation\">Allemand en droit Paris Ouest<\/span><span dir=\"ltr\" role=\"presentation\">-<\/span><span dir=\"ltr\" role=\"presentation\">Potsdam (ACFA)<\/span><\/a><\/span><span id=\"page3R_mcid36\" class=\"markedContent\"><br role=\"presentation\" \/><a href=\"https:\/\/www.cjfa.eu\/home_de\/\" target=\"_blank\" rel=\"noopener\"><span dir=\"ltr\" role=\"presentation\">Association des Etudiants en Droit Franco<\/span><span dir=\"ltr\" role=\"presentation\">-<\/span><span dir=\"ltr\" role=\"presentation\">Allemand de Toulouse<\/span> <span dir=\"ltr\" role=\"presentation\">-<\/span> <span dir=\"ltr\" role=\"presentation\">Saarbr\u00fccken<\/span><\/a><\/span><span id=\"page3R_mcid37\" class=\"markedContent\"><br role=\"presentation\" \/><a href=\"https:\/\/bermupa.wordpress.com\/\" target=\"_blank\" rel=\"noopener\"><span dir=\"ltr\" role=\"presentation\">BerMuPa e.V. Berlin<\/span><span dir=\"ltr\" role=\"presentation\">-<\/span><span dir=\"ltr\" role=\"presentation\">M\u00fcnchen<\/span><span dir=\"ltr\" role=\"presentation\">-<\/span><span dir=\"ltr\" role=\"presentation\">Paris<\/span><\/a><\/span><span id=\"page3R_mcid38\" class=\"markedContent\"><br role=\"presentation\" \/><a href=\"https:\/\/www.njbt-rdbt.eu\/\" target=\"_blank\" rel=\"noopener\"><span dir=\"ltr\" role=\"presentation\">Netzwerk Jura \/ R\u00e9seau Droit Bochum<\/span><span dir=\"ltr\" role=\"presentation\">-<\/span><span dir=\"ltr\" role=\"presentation\">Tours e.V.<\/span><\/a><\/span><span id=\"page3R_mcid39\" class=\"markedContent\"><br role=\"presentation\" \/><a href=\"https:\/\/www.european-law-school.eu\/de\/front-page\" target=\"_blank\" rel=\"noopener\"><span dir=\"ltr\" role=\"presentation\">Verein European Law School &amp; Alumni e.V. Berlin<\/span><span dir=\"ltr\" role=\"presentation\">-<\/span><span dir=\"ltr\" role=\"presentation\">Paris<\/span><span dir=\"ltr\" role=\"presentation\">-<\/span><span dir=\"ltr\" role=\"presentation\">London<\/span><\/a><\/span><span id=\"page3R_mcid40\" class=\"markedContent\"><br role=\"presentation\" \/><a href=\"http:\/\/www.vdfs.org\/\" target=\"_blank\" rel=\"noopener\"><span dir=\"ltr\" role=\"presentation\">Verein f\u00fcr deutsch<\/span><span dir=\"ltr\" role=\"presentation\">-<\/span><span dir=\"ltr\" role=\"presentation\">franz\u00f6sische Studienbeziehungen (VDFS) e.V. Potsdam<\/span><span dir=\"ltr\" role=\"presentation\">-<\/span><span dir=\"ltr\" role=\"presentation\">Nanterre<\/span><\/a><\/span><\/p>\n                            <\/div>\n\t\t\t\t\t\t\n\t\t\t\t\t\t\n                    <\/div><!-- .accordion -->\n\n\t\t\t\t\n\t\t\t\t\t\t\t\n        <\/div><!-- .accordion -->\n\n\t\t<\/div><div id=\"panel-837-0-0-4\" class=\"so-panel widget widget_accordion panel-last-child\" data-index=\"4\" >        <div class=\"accordion\" data-collapse=\"1\">\n\n\t\t\t\t\t\t\t\t\t\t\t\t                    <div class=\"accordion__item\" id=\"69eec9078431f\">\n\n\t\t\t\t\t\t                            <header class=\"accordion__header\">\n                                <h2 class=\"accordion__title\">Sciences humaines et sociales, Formation des enseignants<\/h2>\n                            <\/header>\n\t\t\t\t\t\t\n\t\t\t\t\t\t                            <div class=\"accordion__content\">\n\t\t\t\t\t\t\t\t<p><a href=\"http:\/\/www.europaeischestudien.eu\" target=\"_blank\" rel=\"noopener\"><span id=\"page3R_mcid6\" class=\"markedContent\"><span dir=\"ltr\" role=\"presentation\">Alumni der Europ\u00e4ischen Studien Paderborn<\/span> <span dir=\"ltr\" role=\"presentation\">-<\/span> <span dir=\"ltr\" role=\"presentation\">Le Mans e.V.<\/span><\/span><\/a><br \/>\n<span id=\"page3R_mcid7\" class=\"markedContent\"><\/span><a href=\"http:\/\/www.emk-alumni.eu\/\" target=\"_blank\" rel=\"noopener\"><span id=\"page3R_mcid7\" class=\"markedContent\"><span dir=\"ltr\" role=\"presentation\">Alumni Europ\u00e4ische Medienkultur<\/span> <span dir=\"ltr\" role=\"presentation\">e.V. Weimar<\/span><span dir=\"ltr\" role=\"presentation\">-<\/span><span dir=\"ltr\" role=\"presentation\">Lyon<\/span><\/span><\/a><br \/>\n<span id=\"page3R_mcid8\" class=\"markedContent\"><\/span><span id=\"page3R_mcid8\" class=\"markedContent\"><a href=\"http:\/\/www.eichstaett-rennes.eu\/\" target=\"_blank\" rel=\"noopener\"><span dir=\"ltr\" role=\"presentation\">Alumni<\/span><span dir=\"ltr\" role=\"presentation\">-<\/span><span dir=\"ltr\" role=\"presentation\">Verein des Deutsch<\/span><span dir=\"ltr\" role=\"presentation\">-<\/span><span dir=\"ltr\" role=\"presentation\">Franz\u00f6sischen Studiengangs Eichst\u00e4tt<\/span><span dir=\"ltr\" role=\"presentation\">-<\/span><span dir=\"ltr\" role=\"presentation\">Rennes<\/span><\/a><\/span><br \/>\n<span id=\"page3R_mcid9\" class=\"markedContent\"><\/span><span id=\"page3R_mcid9\" class=\"markedContent\"><a href=\"http:\/\/amicaleefadfs.tumblr.com\/\" target=\"_blank\" rel=\"noopener\"><span dir=\"ltr\" role=\"presentation\">Amicale EFA<\/span><span dir=\"ltr\" role=\"presentation\">-<\/span><span dir=\"ltr\" role=\"presentation\">DFS Saarbr\u00fccken<\/span><span dir=\"ltr\" role=\"presentation\">-<\/span><span dir=\"ltr\" role=\"presentation\">Metz<\/span><span dir=\"ltr\" role=\"presentation\">-<\/span><span dir=\"ltr\" role=\"presentation\">Luxembourg<\/span><\/a><\/span><br \/>\n<span id=\"page3R_mcid10\" class=\"markedContent\"><\/span><span id=\"page3R_mcid10\" class=\"markedContent\"><a href=\"http:\/\/www.emk-alumni.eu\/\" target=\"_blank\" rel=\"noopener\"><span dir=\"ltr\" role=\"presentation\">Association Alumni EMK Weimar<\/span><span dir=\"ltr\" role=\"presentation\">-<\/span><span dir=\"ltr\" role=\"presentation\">Lyon<\/span><\/a><\/span><br \/>\n<a href=\"https:\/\/www.uni-muenster.de\/IfPol\/international\/lillestudium.html\">Association des anciens du Double Dipl\u00f4me Sciences Po Lille-M\u00fcnster<\/a><br \/>\n<span id=\"page3R_mcid11\" class=\"markedContent\"><\/span><span id=\"page3R_mcid11\" class=\"markedContent\"><\/span><a href=\"https:\/\/www.ph-freiburg.de\/international\/internationale-studiengaenge\/deutsch-franzoesische-studienprogramme.html\" target=\"_blank\" rel=\"noopener\"><span id=\"page3R_mcid11\" class=\"markedContent\"><span dir=\"ltr\" role=\"presentation\"><span id=\"page3R_mcid56\" class=\"markedContent\">Association des enseignants transfrontaliers Freiburg-Mulhouse<\/span><\/span><\/span><\/a><br \/>\n<a href=\"http:\/\/www.dijon.uni-mainz.de\/clanci\/\" target=\"_blank\" rel=\"noopener\"><span id=\"page3R_mcid12\" class=\"markedContent\"><span dir=\"ltr\" role=\"presentation\"><span id=\"page3R_mcid11\" class=\"markedContent\">Club des Anciens du Cursus Int\u00e9gr\u00e9 Mayence-Dijon (CLANCI) e.V.<\/span><\/span><\/span><\/a><br \/>\n<a href=\"https:\/\/www.agkv.eu\/\"><span id=\"page3R_mcid13\" class=\"markedContent\"><span dir=\"ltr\" role=\"presentation\"><span id=\"page3R_mcid12\" class=\"markedContent\">Gerhard Kiersch-Verein e.V. Berlin-Paris<\/span><\/span><\/span><\/a><br \/>\n<a href=\"https:\/\/www.heipar.eu\/de\/\" target=\"_blank\" rel=\"noopener\"><span id=\"page3R_mcid13\" class=\"markedContent\"><span dir=\"ltr\" role=\"presentation\">HEIPAR e.V.<\/span> <span dir=\"ltr\" role=\"presentation\">\u2013<\/span> <span dir=\"ltr\" role=\"presentation\">Freund*innen und Ehemalige des deutsch<\/span><span dir=\"ltr\" role=\"presentation\">-<\/span><span dir=\"ltr\" role=\"presentation\">franz\u00f6sischen Master<\/span><span dir=\"ltr\" role=\"presentation\">-<\/span> <span dir=\"ltr\" role=\"presentation\">und<\/span><br role=\"presentation\" \/><span dir=\"ltr\" role=\"presentation\">Doktorandenprogramms in Geschichtswissenschaften Paris<\/span><span dir=\"ltr\" role=\"presentation\">-<\/span><span dir=\"ltr\" role=\"presentation\">Heidelberg<\/span><\/span><\/a><span id=\"page3R_mcid14\" class=\"markedContent\"><\/span><br \/>\n<a href=\"http:\/\/de-de.facebook.com\/pages\/Les-Amis-du-T%C3%BCbAix\/172115032833302?v=wall&amp;viewas=0\" target=\"_blank\" rel=\"noopener\"><span id=\"page3R_mcid14\" class=\"markedContent\"><span dir=\"ltr\" role=\"presentation\">Les Amis du T\u00fcbAix T\u00fcbingen<\/span><span dir=\"ltr\" role=\"presentation\">-<\/span><span dir=\"ltr\" role=\"presentation\">Aix<\/span><span dir=\"ltr\" role=\"presentation\">-<\/span><span dir=\"ltr\" role=\"presentation\">en<\/span><span dir=\"ltr\" role=\"presentation\">-<\/span><span dir=\"ltr\" role=\"presentation\">Provence<\/span><\/span><\/a><span id=\"page3R_mcid15\" class=\"markedContent\"><\/span><br \/>\n<span id=\"page3R_mcid15\" class=\"markedContent\"><a href=\"http:\/\/www.mega-master.eu\/index.php?article_id=57&amp;clang=0\" target=\"_blank\" rel=\"noopener\"><span dir=\"ltr\" role=\"presentation\">Les anciens \u00e9l\u00e8ves du MEGA<\/span> <span dir=\"ltr\" role=\"presentation\">\u2013<\/span> <span dir=\"ltr\" role=\"presentation\">MEGA Alumni e.V. Berl<\/span><span dir=\"ltr\" role=\"presentation\">in<\/span><span dir=\"ltr\" role=\"presentation\">-<\/span><span dir=\"ltr\" role=\"presentation\">Paris<\/span><\/a><\/span><br \/>\n<a href=\"https:\/\/fribaixois.wordpress.com\/\"><span id=\"page3R_mcid16\" class=\"markedContent\"><span dir=\"ltr\" role=\"presentation\">Les Fribaixois Freiburg<\/span><span dir=\"ltr\" role=\"presentation\">-<\/span><span dir=\"ltr\" role=\"presentation\">Aix<\/span><span dir=\"ltr\" role=\"presentation\">-<\/span><span dir=\"ltr\" role=\"presentation\">en<\/span><span dir=\"ltr\" role=\"presentation\">-<\/span><span dir=\"ltr\" role=\"presentation\">Provence<\/span><\/span><\/a><span id=\"page3R_mcid17\" class=\"markedContent\"><\/span><br \/>\n<a href=\"https:\/\/www.medartskultur.net\/-MedArtsKultur-Alumni-e-V-Association-39-.html?lang=fr\"><span id=\"page3R_mcid17\" class=\"markedContent\"><span dir=\"ltr\" role=\"presentation\">M\u00e9dArtsKultur e.V. Marseille<\/span><span dir=\"ltr\" role=\"presentation\">-<\/span><span dir=\"ltr\" role=\"presentation\">Hildesheim<\/span><\/span><\/a><span id=\"page3R_mcid18\" class=\"markedContent\"><\/span><br \/>\n<a href=\"http:\/\/www.uni-stuttgart.de\/soz\/institut\/studierende\/politik\/politik.df.studium.html\" target=\"_blank\" rel=\"noopener\"><span id=\"page3R_mcid18\" class=\"markedContent\"><span dir=\"ltr\" role=\"presentation\">Netzwerk der deutsch<\/span><span dir=\"ltr\" role=\"presentation\">-<\/span><span dir=\"ltr\" role=\"presentation\">franz\u00f6sischen Sozialwissenschaften e.V. Stuttgart<\/span><span dir=\"ltr\" role=\"presentation\">-<\/span><span dir=\"ltr\" role=\"presentation\">Bordeaux<\/span><\/span><\/a><br \/>\n<a href=\"https:\/\/www.uni-siegen.de\/zsb\/bewerbung\/bewerbung.html?m=e\" target=\"_blank\" rel=\"noopener\"><span id=\"page3R_mcid19\" class=\"markedContent\"><span dir=\"ltr\" role=\"presentation\">Orl\u00e9Si Netzwerk<\/span> <span dir=\"ltr\" role=\"presentation\">\u2013<\/span> <span dir=\"ltr\" role=\"presentation\">R\u00e9seau Orl\u00e9ans Siegen<\/span><\/span><\/a><\/p>\n                            <\/div>\n\t\t\t\t\t\t\n\t\t\t\t\t\t\n                    <\/div><!-- .accordion -->\n\n\t\t\t\t\n\t\t\t\t\t\t\t\n        <\/div><!-- .accordion -->\n\n\t\t<\/div><\/div><div id=\"pgc-837-0-1\"  class=\"panel-grid-cell\" ><div id=\"panel-837-0-1-0\" class=\"so-panel widget widget_sow-editor panel-first-child panel-last-child\" data-index=\"5\" ><div class=\"so-widget-sow-editor so-widget-sow-editor-base\">\n<div class=\"siteorigin-widget-tinymce textwidget\">\n\t<p><img decoding=\"async\" loading=\"lazy\" class=\"size-medium wp-image-8346 aligncenter\" src=\"https:\/\/www.dfh-ufa.org\/app\/uploads\/2018\/07\/diplome_titre-geschnitten.jpg\" alt=\"\" width=\"283\" height=\"128\" \/><\/p>\n<h4>Liste des associations de dipl\u00f4m\u00e9\u00b7es soutenues<\/h4>\n<ul>\n<li class=\"download__list__item\"><a href=\"https:\/\/www.dfh-ufa.org\/app\/uploads\/2026\/03\/2025_gefoerderte-Alumnivereine_associations-soutenues.pdf\" target=\"_blank\" rel=\"noopener\">2025<\/a><\/li>\n<li class=\"download__list__item\"><a href=\"https:\/\/www.dfh-ufa.org\/app\/uploads\/2025\/06\/2024_gefoerderte-Alumnivereine_associations-soutenues.pdf\" target=\"_blank\" rel=\"noopener\">2024<\/a><\/li>\n<li class=\"download__list__item\"><a href=\"https:\/\/www.dfh-ufa.org\/app\/uploads\/2024\/04\/2023_gefoerderte-Alumunivereine_associations-soutenues.pdf\" target=\"_blank\" rel=\"noopener\">2023<\/a><\/li>\n<li class=\"download__list__item\"><a href=\"https:\/\/www.dfh-ufa.org\/app\/uploads\/2023\/03\/2022_gefoerderte-Alumunivereine_associations-soutenues.pdf\" target=\"_blank\" rel=\"noopener\">2022<\/a><\/li>\n<li class=\"download__list__item\"><a href=\"https:\/\/www.dfh-ufa.org\/app\/uploads\/2022\/04\/2021_gefoerderte-Alumunivereine_associations-soutenues.pdf\" target=\"_blank\" rel=\"noopener\">2021<\/a><\/li>\n<li class=\"download__list__item\"><a href=\"https:\/\/www.dfh-ufa.org\/app\/uploads\/2021\/02\/2020_gefoerderte-Alumunivereine_associations-soutenues.pdf\" target=\"_blank\" rel=\"noopener noreferrer\">2020<\/a><\/li>\n<li class=\"download__list__item\"><a href=\"https:\/\/www.dfh-ufa.org\/app\/uploads\/2020\/02\/2019_gefoerderte-Alumunivereine_associations-soutenues-1.pdf\" target=\"_blank\" rel=\"noopener noreferrer\">2019<\/a><\/li>\n<li class=\"download__list__item\"><a href=\"https:\/\/www.dfh-ufa.org\/app\/uploads\/2019\/02\/2018_gefoerderte_Alumunivereine_associations-soutenues.pdf\" target=\"_blank\" rel=\"noopener noreferrer\">2018<\/a><\/li>\n<li class=\"download__list__item\"><a href=\"https:\/\/www.dfh-ufa.org\/app\/uploads\/2019\/01\/2017_gefoerderte_Alumunivereine_associations_soutenues.pdf\" target=\"_blank\" rel=\"noopener noreferrer\">2017<\/a><\/li>\n<li class=\"download__list__item\"><a href=\"https:\/\/www.dfh-ufa.org\/app\/uploads\/2019\/01\/2016_gefoerderte_Alumunivereine_associations_soutenues.pdf\" target=\"_blank\" rel=\"noopener noreferrer\">2016<\/a><\/li>\n<li class=\"download__list__item\"><a href=\"https:\/\/www.dfh-ufa.org\/app\/uploads\/2019\/01\/2015_gefoerderte_Alumunivereine_associations_soutenues.pdf\" target=\"_blank\" rel=\"noopener noreferrer\">2015<\/a><\/li>\n<li class=\"download__list__item\"><a href=\"https:\/\/www.dfh-ufa.org\/app\/uploads\/2019\/01\/2014_gefoerderte_Alumunivereine_associations_soutenues_Q4_02.pdf\" target=\"_blank\" rel=\"noopener noreferrer\">2014<\/a><\/li>\n<li class=\"download__list__item\"><a href=\"https:\/\/www.dfh-ufa.org\/app\/uploads\/2019\/01\/2013_gefoerderte_Alumunivereine_D_F.pdf\" target=\"_blank\" rel=\"noopener noreferrer\">2013<\/a><\/li>\n<li class=\"download__list__item\"><a href=\"https:\/\/www.dfh-ufa.org\/app\/uploads\/2019\/01\/Gefoerderte_Alumunivereine_2012.pdf\" target=\"_blank\" rel=\"noopener noreferrer\">2012<\/a><\/li>\n<li class=\"download__list__item\"><a href=\"https:\/\/www.dfh-ufa.org\/app\/uploads\/2019\/01\/Gefoerderte_Alumni_Vereine_2011_01.pdf\" target=\"_blank\" rel=\"noopener noreferrer\">2011<\/a><\/li>\n<li class=\"download__list__item\"><a href=\"https:\/\/www.dfh-ufa.org\/app\/uploads\/2019\/01\/Associations_de_diplomes_soutenues_2010.pdf\" target=\"_blank\" rel=\"noopener noreferrer\">2010<\/a><\/li>\n<li class=\"download__list__item\"><a href=\"https:\/\/www.dfh-ufa.org\/app\/uploads\/2019\/01\/Gefoerderte_Alumni_Vereine_2009.pdf\" target=\"_blank\" rel=\"noopener noreferrer\">2009<\/a><\/li>\n<li class=\"download__list__item\"><a href=\"https:\/\/www.dfh-ufa.org\/app\/uploads\/2019\/01\/Gefoerderte_Alumni_Vereine_2008.pdf\" target=\"_blank\" rel=\"noopener noreferrer\">2008<\/a><\/li>\n<\/ul>\n<\/div>\n<\/div><\/div><\/div><\/div><\/div>","protected":false},"excerpt":{"rendered":"<p>A l&rsquo;heure actuelle, l&rsquo;UFA compte pr\u00e8s de 50 associations de dipl\u00f4m\u00e9\u00b7es, issues de diff\u00e9rentes disciplines, au sein de son r\u00e9seau. Chaque ann\u00e9e, l&rsquo;UFA accueille de nouvelles associations. Les associations permettent aux dipl\u00f4m\u00e9\u00b7es de rester en contact au-del\u00e0 de leurs \u00e9tudes, entre autres, gr\u00e2ce \u00e0 l&rsquo;organisation de rencontres de dipl\u00f4m\u00e9\u00b7es et de manifestations th\u00e9matiques. L&rsquo;UFA soutient [&hellip;]<\/p>\n","protected":false},"author":1,"featured_media":0,"parent":836,"menu_order":1111,"comment_status":"closed","ping_status":"closed","template":"","meta":{"_bbp_topic_count":0,"_bbp_reply_count":0,"_bbp_total_topic_count":0,"_bbp_total_reply_count":0,"_bbp_voice_count":0,"_bbp_anonymous_reply_count":0,"_bbp_topic_count_hidden":0,"_bbp_reply_count_hidden":0,"_bbp_forum_subforum_count":0,"inline_featured_image":false},"acf":[],"_links":{"self":[{"href":"https:\/\/www.dfh-ufa.org\/fr\/wp-json\/wp\/v2\/pages\/837"}],"collection":[{"href":"https:\/\/www.dfh-ufa.org\/fr\/wp-json\/wp\/v2\/pages"}],"about":[{"href":"https:\/\/www.dfh-ufa.org\/fr\/wp-json\/wp\/v2\/types\/page"}],"author":[{"embeddable":true,"href":"https:\/\/www.dfh-ufa.org\/fr\/wp-json\/wp\/v2\/users\/1"}],"replies":[{"embeddable":true,"href":"https:\/\/www.dfh-ufa.org\/fr\/wp-json\/wp\/v2\/comments?post=837"}],"version-history":[{"count":202,"href":"https:\/\/www.dfh-ufa.org\/fr\/wp-json\/wp\/v2\/pages\/837\/revisions"}],"predecessor-version":[{"id":1963652,"href":"https:\/\/www.dfh-ufa.org\/fr\/wp-json\/wp\/v2\/pages\/837\/revisions\/1963652"}],"up":[{"embeddable":true,"href":"https:\/\/www.dfh-ufa.org\/fr\/wp-json\/wp\/v2\/pages\/836"}],"wp:attachment":[{"href":"https:\/\/www.dfh-ufa.org\/fr\/wp-json\/wp\/v2\/media?parent=837"}],"curies":[{"name":"wp","href":"https:\/\/api.w.org\/{rel}","templated":true}]}}