{"id":9087,"date":"2018-07-18T18:09:04","date_gmt":"2018-07-18T16:09:04","guid":{"rendered":"https:\/\/www.dfh-ufa.org\/fr\/?page_id=9087"},"modified":"2025-12-02T10:42:59","modified_gmt":"2025-12-02T09:42:59","slug":"etudiants-et-futurs-etudiants","status":"publish","type":"page","link":"https:\/\/www.dfh-ufa.org\/fr\/vous-etes\/etudiants-et-futurs-etudiants","title":{"rendered":"\u00c9tudiant\u00b7es et futur\u00b7es \u00e9tudiant\u00b7es"},"content":{"rendered":"<div id=\"pl-9087\"  class=\"panel-layout\" ><div id=\"pg-9087-0\"  class=\"panel-grid panel-no-style\" ><div id=\"pgc-9087-0-0\"  class=\"panel-grid-cell\" ><div id=\"panel-9087-0-0-0\" class=\"so-panel widget widget_text panel-first-child\" data-index=\"0\" ><h2 class=\"widget-title\">\u00c9tudiant\u00b7es et futur\u00b7es \u00e9tudiant\u00b7es<\/h2>\t\t\t<div class=\"textwidget\"><\/div>\n\t\t<\/div><div id=\"panel-9087-0-0-1\" class=\"so-panel widget widget_accordion\" data-index=\"1\" >        <div class=\"accordion\" data-collapse=\"1\">\n\n\t\t\t\t\t\t\t\t\t\t\t\t                    <div class=\"accordion__item\" id=\"69f4bb8fbc373\">\n\n\t\t\t\t\t\t                            <header class=\"accordion__header\">\n                                <h2 class=\"accordion__title\">G\u00e9n\u00e9ralement<\/h2>\n                            <\/header>\n\t\t\t\t\t\t\n\t\t\t\t\t\t                            <div class=\"accordion__content\">\n\t\t\t\t\t\t\t\t<ul>\n<li><a href=\"http:\/\/www.dradio.de\/dlf\/sendungen\/campus\/\" target=\"blank\">\"Campus und Karriere\": l'\u00e9mission sur Deutschland Radio<\/a><\/li>\n<li><a href=\"http:\/\/paris.daad.de\/alles\/\" target=\"blank\">Action pour l'Allemand dans l'Enseignement Sup\u00e9rieur (ALLES)<\/a><\/li>\n<li><a href=\"http:\/\/www.aiesec.org\/\" target=\"blank\">AIESEC - Studentenorganisation<\/a><\/li>\n<li><a href=\"https:\/\/www.daad.de\/de\/studieren-und-forschen-in-deutschland\/studium-planen\/digitales-lernen\/\" target=\"blank\">Alles zum virtuellen Studium und ELearning an deutschen Hochschulen<\/a><\/li>\n<li><a href=\"http:\/\/afast-dfgwt.eu\" target=\"blank\">Association franco-allemande pour la science et la technologie <\/a><\/li>\n<li><a href=\"http:\/\/www.pacte.cnrs.fr\/\" target=\"blank\">Centre d'Informatisation des Donn\u00e9es Socio-Politiques (Cidsp)<\/a><\/li>\n<li><a href=\"http:\/\/cordis.europa.eu\/home_fr.html\" target=\"blank\">CORDIS - Service recherche et technologie de la France<\/a><\/li>\n<li><a href=\"http:\/\/www.studentenwerke.de\/\" target=\"blank\">Deutsches Studentenwerk (DSW) - Centre allemand des \u0153uvres universitaires<\/a><\/li>\n<li><a href=\"https:\/\/www.etudier-en-allemagne.org\/\" target=\"blank\">F\u00fcnfsprachiges Portal f\u00fcr ausl\u00e4ndische Studierende \u00fcber das Studium an deutschen Hochschulen<\/a><\/li>\n<li><a href=\"http:\/\/www.giraf-iffd.eu\/gs\/\" target=\"blank\">Groupe Interdisciplinaire de Recherche Allemagne France (GIRAF-IFFD)<\/a><\/li>\n<li><a href=\"http:\/\/www.studis-online.de\/StudInfo\/hochschularten.php\" target=\"blank\">Hochschularten - Erstsemestertipps - Studis Online<\/a><\/li>\n<li><a href=\"https:\/\/wiwi.uni-paderborn.de\/dep6\/wirtschaftsrecht-europaeisches-wirtschaftsrecht-jean-monnet-chair-prof-krimphove\/jean-monnet-lehrstuhl\/hochschulrecht\/\" target=\"blank\">Hochschulrecht in Deutschland und Frankreich - \u00dcbersicht der Universit\u00e4t Paderborn<\/a><\/li>\n<li><a href=\"http:\/\/www.inist.fr\/\" target=\"blank\">Institut de l'Information Scientifique et Technique (inist)<\/a><\/li>\n<li><a href=\"http:\/\/www.ined.fr\/\" target=\"blank\">Institut National d'Etudes D\u00e9mographiques (INED)<\/a><\/li>\n<li><a href=\"https:\/\/www.ciep.fr\/\" target=\"blank\">L'\u00e9ducation sur les sites des m\u00e9dias fran\u00e7ais<\/a><\/li>\n<li><a href=\"http:\/\/www.studienkollegs.de\/\" target=\"blank\">Studienkollegs in Deutschland<\/a><\/li>\n<\/ul>\n                            <\/div>\n\t\t\t\t\t\t\n\t\t\t\t\t\t\n                    <\/div><!-- .accordion -->\n\n\t\t\t\t\n\t\t\t\t\t\t\t\t\t                    <div class=\"accordion__item\" id=\"69f4bb8fbc3d8\">\n\n\t\t\t\t\t\t                            <header class=\"accordion__header\">\n                                <h2 class=\"accordion__title\">Formation \u00e0 l\u2019\u00e9tranger<\/h2>\n                            <\/header>\n\t\t\t\t\t\t\n\t\t\t\t\t\t                            <div class=\"accordion__content\">\n\t\t\t\t\t\t\t\t<ul>\n<li><a href=\"https:\/\/fitforeurope.net\/\" target=\"blank\">\"Fit for Europe\"<\/a><\/li>\n<li><a href=\"https:\/\/www.allemagne.campusfrance.org\/\">Campus France<\/a><\/li>\n<li><a href=\"http:\/\/www.college-contact.com\/\" target=\"blank\">Das Portal zur Bildung im Ausland<\/a><\/li>\n<li><a href=\"http:\/\/www.daad.de\/\" target=\"blank\">Deutscher Akademischer Austausch Dienst (DAAD)<\/a><\/li>\n<li><a href=\"https:\/\/www.bvmd.de\/wer-wir-sind\/arbeitsgruppen\/ag-famulaturaustausch\/\" target=\"blank\">Deutscher Famulantenaustausch (dfa)<\/a><\/li>\n<li><a href=\"http:\/\/www.anabin.de\/\" target=\"blank\">Informationssystem zur Anerkennung ausl\u00e4ndischer Bildungsabschl\u00fcsse<\/a><\/li>\n<li><a href=\"http:\/\/www.ess-europe.de\/\" target=\"blank\">Private Krankenversicherung - System-Vergleich in der EU<\/a><\/li>\n<li><a href=\"http:\/\/www.intstudy.com\/study_abroad\/liveuro.htm\" target=\"blank\">Study in Europe: International Education Information Center:<\/a><\/li>\n<\/ul>\n                            <\/div>\n\t\t\t\t\t\t\n\t\t\t\t\t\t\n                    <\/div><!-- .accordion -->\n\n\t\t\t\t\n\t\t\t\t\t\t\t\t\t                    <div class=\"accordion__item\" id=\"69f4bb8fbc407\">\n\n\t\t\t\t\t\t                            <header class=\"accordion__header\">\n                                <h2 class=\"accordion__title\">Financements des \u00e9tudes<\/h2>\n                            <\/header>\n\t\t\t\t\t\t\n\t\t\t\t\t\t                            <div class=\"accordion__content\">\n\t\t\t\t\t\t\t\t<ul>\n<li><a href=\"http:\/\/www.avh.de\/\" target=\"blank\">Alexander von Humboldt-Stiftung (AvH)<\/a><\/li>\n<li><a href=\"http:\/\/www.adressreader.de\/\" target=\"blank\">Allgemeines zu Hochschulen und Studium in Deutschland; F\u00f6rderprogramme<\/a><\/li>\n<li><a href=\"http:\/\/www.asko-europa-stiftung.de\/\" target=\"blank\">ASKO Europa Stiftung<\/a><\/li>\n<li><a href=\"http:\/\/www.abg.asso.fr\/\" target=\"blank\">Association Bernard Gregory<\/a><\/li>\n<li><a href=\"http:\/\/campusbourses.campusfrance.org\/fria\/bourse\/#\/catalog?lang=fr\">Campus Bourses<\/a><\/li>\n<li><a href=\"http:\/\/www.dfg.de\/\" target=\"blank\">Deutsche Forschungsgemeinschaft (DFG)<\/a><\/li>\n<li><a href=\"http:\/\/www.daad.de\/\" target=\"blank\">Deutscher Akademischer Austauschdienst (DAAD)<\/a><\/li>\n<li><a href=\"http:\/\/www.fdf.org\/Nos-Actions\/Bourses-et-Prix\" target=\"blank\">Fondation de France - Bourses et prix<\/a><\/li>\n<li><a href=\"http:\/\/www.fes.de\/\" target=\"blank\">Friedrich Ebert Stiftung (FES)<\/a><\/li>\n<li><a href=\"https:\/\/www.freiheit.org\/\" target=\"blank\">Friedrich Naumann Stiftung<\/a><\/li>\n<li><a href=\"http:\/\/www.schleyer-stiftung.de\/\" target=\"blank\">Hanns Martin Schleyer Stiftung<\/a><\/li>\n<li><a href=\"http:\/\/www.hss.de\/\" target=\"blank\">Hanns Seidel Stiftung<\/a><\/li>\n<li><a href=\"http:\/\/www.boell.de\/\" target=\"blank\">Heinrich B\u00f6ll Stiftung<\/a><\/li>\n<li><a href=\"http:\/\/www.stiftungsindex.de\/\" target=\"blank\">Index deutscher Stiftungen<\/a><\/li>\n<li><a href=\"http:\/\/campusbourses.campusfrance.org\/fria\/bourse\/#\/catalog?lang=fr\" target=\"blank\">Informations g\u00e9n\u00e9rales: aides financi\u00e8res pour \u00e9tudiants<\/a><\/li>\n<li><a href=\"http:\/\/www.kas.de\/\" target=\"blank\">Konrad Adenauer Stiftung (KAS)<\/a><\/li>\n<li><a href=\"https:\/\/fondation.edf.com\/\" target=\"blank\">La Fondation EDF<\/a><\/li>\n<li><a href=\"http:\/\/www.fdf.org\/Votre-espace\/Espace-Fondateurs\/Les-fondations-sous-egide\" target=\"blank\">Rechercher une fondation sous l'\u00e9gide de Fondation de France<\/a><\/li>\n<li><a href=\"http:\/\/www.rosaluxemburgstiftung.de\/\" target=\"blank\">Rosa Luxemburg Stiftung<\/a><\/li>\n<li><a href=\"http:\/\/dt-forum.org\/stipendien.html\" target=\"blank\">Stipendien des Deutschen Forum f\u00fcr Kunstgeschichte<\/a><\/li>\n<li><a href=\"http:\/\/www.caf.fr\/\" target=\"blank\">Wohngeld f\u00fcr Studenten in Frankreich<\/a><\/li>\n<\/ul>\n                            <\/div>\n\t\t\t\t\t\t\n\t\t\t\t\t\t\n                    <\/div><!-- .accordion -->\n\n\t\t\t\t\n\t\t\t\t\t\t\t\t\t                    <div class=\"accordion__item\" id=\"69f4bb8fbc456\">\n\n\t\t\t\t\t\t                            <header class=\"accordion__header\">\n                                <h2 class=\"accordion__title\">Processus de Sorbonne- Bologne<\/h2>\n                            <\/header>\n\t\t\t\t\t\t\n\t\t\t\t\t\t                            <div class=\"accordion__content\">\n\t\t\t\t\t\t\t\t<ul>\n<li><a href=\"http:\/\/www.education.gouv.fr\/\" target=\"blank\">\"Licence, Master, Doctorat\" - Seite des franz\u00f6sischen Bildungsministeriums<\/a><\/li>\n<li><a href=\"https:\/\/www.bmbf.de\/de\/der-bologna-prozess-die-europaeische-studienreform-1038.html\" target=\"blank\">Berlin-Bologna-Web-Page (Bundesministerium f\u00fcr Bildung und Forschung)<\/a><\/li>\n<li><a href=\"http:\/\/www.bmbf.de\/de\/3336.php\" target=\"blank\">BMBF - Bologna-Prozess<\/a><\/li>\n<li><a href=\"https:\/\/www.hrk.de\/fileadmin\/redaktion\/hrk\/02-Dokumente\/02-03-Studium\/02-03-01-Studium-Studienreform\/Bologna_Dokumente\/Bergen_kommunique_2005.pdf\" target=\"blank\">Bologna Prozess: Konferenz Bergen 2005<\/a><\/li>\n<li><a href=\"http:\/\/ehea.info\/page-bfug-secretariat\" target=\"blank\">Bologna Secretariat Website<\/a><\/li>\n<li><a href=\"http:\/\/www.hisbus.de\/faq\/pdf\/2003_hisbus06-bologna.pdf\" target=\"blank\">Ergebnisse der Bologna-Nachfolgekonferenz in Berlin 2003<\/a><\/li>\n<li><a href=\"http:\/\/www.hrk-bologna.de\/\" target=\"blank\">Hochschulrektorenkonferenz - Service-Stelle-Bologna<\/a><\/li>\n<\/ul>\n                            <\/div>\n\t\t\t\t\t\t\n\t\t\t\t\t\t\n                    <\/div><!-- .accordion -->\n\n\t\t\t\t\n\t\t\t\t\t\t\t\t\t                    <div class=\"accordion__item\" id=\"69f4bb8fbc47e\">\n\n\t\t\t\t\t\t                            <header class=\"accordion__header\">\n                                <h2 class=\"accordion__title\">Recherche bibliographique + biblioth\u00e8ques<\/h2>\n                            <\/header>\n\t\t\t\t\t\t\n\t\t\t\t\t\t                            <div class=\"accordion__content\">\n\t\t\t\t\t\t\t\t<ul>\n<li><a href=\"http:\/\/www.aidel.com\/\" target=\"blank\">Aidel \u2013 Superdoc Premium : Le moteur de votre syst\u00e8me documentaire [ Universit\u00e9 de Provence ]<\/a><\/li>\n<li><a href=\"http:\/\/www.bpi.fr\/\" target=\"blank\">Biblioth\u00e8que d\u2019information publique Centre Pompidou (BCP)<\/a><\/li>\n<li><a href=\"http:\/\/www.bnf.fr\/\" target=\"blank\">Biblioth\u00e8que nationale de France (BNF)<\/a><\/li>\n<li><a href=\"http:\/\/www.dfi.de\/de\/bibliothek_kurzprofil.shtml\" target=\"blank\">Frankreich-Bibliothek des Deutsch-Franz\u00f6sischen Instituts (dfi)<\/a><\/li>\n<li><a href=\"http:\/\/www.subito-doc.de\/\" target=\"blank\">Lieferdienst der Bibliotheken<\/a><\/li>\n<li><a href=\"https:\/\/kvk.bibliothek.kit.edu\/?digitalOnly=0&amp;embedFulltitle=0&amp;newTab=0\" target=\"blank\">Literaturrecherche Karlsruher virtueller Katalog<\/a><\/li>\n<li><a href=\"http:\/\/www.buchhandel.de\/\" target=\"blank\">VLB (Verzeichnis lieferbarer B\u00fccher) basierte Suchmaschine<\/a><\/li>\n<li><a href=\"http:\/\/de.wikipedia.org\/wiki\/Hauptseite\" target=\"blank\">Wikipedia - die freie Enzyklop\u00e4die<\/a><\/li>\n<\/ul>\n                            <\/div>\n\t\t\t\t\t\t\n\t\t\t\t\t\t\n                    <\/div><!-- .accordion -->\n\n\t\t\t\t\n\t\t\t\t\t\t\t\n        <\/div><!-- .accordion -->\n\n\t\t<\/div><div id=\"panel-9087-0-0-2\" class=\"so-panel widget widget_text\" data-index=\"2\" ><h2 class=\"widget-title\">Informations compl\u00e9mentaires aux offres de formation de l\u2019UFA<\/h2>\t\t\t<div class=\"textwidget\"><\/div>\n\t\t<\/div><div id=\"panel-9087-0-0-3\" class=\"so-panel widget widget_accordion panel-last-child\" data-index=\"3\" >        <div class=\"accordion\" data-collapse=\"1\">\n\n\t\t\t\t\t\t\t\t\t\t\t\t                    <div class=\"accordion__item\" id=\"69f4bb8fbc552\">\n\n\t\t\t\t\t\t                            <header class=\"accordion__header\">\n                                <h2 class=\"accordion__title\">Sciences de l\u2019Ing\u00e9nieur<\/h2>\n                            <\/header>\n\t\t\t\t\t\t\n\t\t\t\t\t\t                            <div class=\"accordion__content\">\n\t\t\t\t\t\t\t\t<ul>\n<li><a href=\"http:\/\/www.cefi.org\/\" target=\"blank\">Comit\u00e9 d'Etude sur la Formation d'Ing\u00e9nieur (CEFI)<\/a><\/li>\n<li><a href=\"http:\/\/www.cdefi.fr\/\" target=\"blank\">Le portail des grandes \u00e9coles d\u2019ing\u00e9nieurs de l\u2019Education Nationale<\/a><\/li>\n<li><a href=\"https:\/\/www.inist.fr\/\" target=\"blank\">L'information scientifique et technique en fran\u00e7ais (Institut de l'information scientifique et technique)<\/a><\/li>\n<li><a href=\"http:\/\/www.vdi.de\/\" target=\"blank\">VDI - Verein Deutscher Ingenieure<\/a><\/li>\n<\/ul>\n                            <\/div>\n\t\t\t\t\t\t\n\t\t\t\t\t\t\n                    <\/div><!-- .accordion -->\n\n\t\t\t\t\n\t\t\t\t\t\t\t\t\t                    <div class=\"accordion__item\" id=\"69f4bb8fbc57d\">\n\n\t\t\t\t\t\t                            <header class=\"accordion__header\">\n                                <h2 class=\"accordion__title\">Sciences\/Math\u00e9matiques\/Informatique<\/h2>\n                            <\/header>\n\t\t\t\t\t\t\n\t\t\t\t\t\t                            <div class=\"accordion__content\">\n\t\t\t\t\t\t\t\t<ul>\n<li><a href=\"http:\/\/www.academie-sciences.fr\/\" target=\"blank\">Acad\u00e9mie des Sciences (Institut de France)<\/a><\/li>\n<li><a href=\"http:\/\/alsic.u-strasbg.fr\/\" target=\"blank\">ALSIC Apprentissage des Langues et Syst\u00e8mes d'Information et de Communication - (Revue Internet francophone pour chercheurs et praticiens )<\/a><\/li>\n<li><a href=\"http:\/\/www.mathematik.uni-bielefeld.de\/DMV\/\" target=\"blank\">Deutsche Mathematiker-Vereinigung<\/a><\/li>\n<li><a href=\"http:\/\/www.inist.fr\/\" target=\"blank\">Institut de l'Information Scientifique et Technique (inist)<\/a><\/li>\n<li><a href=\"https:\/\/www.inria.fr\/fr\" target=\"blank\">institut national de recherche en informatique et en automatique<\/a><\/li>\n<li><a href=\"https:\/\/www.inist.fr\/\" target=\"blank\">L'information scientifique et technique en fran\u00e7ais (Institut de l'information scientifique et technique)<\/a><\/li>\n<li><a href=\"http:\/\/www.cnrs.fr\/insmi\/\" target=\"blank\">Les Math\u00e9matiques en France (Institut national des sciences math\u00e9matiques et de leurs interactions)<\/a><\/li>\n<li><a href=\"http:\/\/www.mpi-sb.mpg.de\/\" target=\"blank\">Max Planck Institut f\u00fcr Informatik<\/a><\/li>\n<\/ul>\n                            <\/div>\n\t\t\t\t\t\t\n\t\t\t\t\t\t\n                    <\/div><!-- .accordion -->\n\n\t\t\t\t\n\t\t\t\t\t\t\t\t\t                    <div class=\"accordion__item\" id=\"69f4bb8fbc5a9\">\n\n\t\t\t\t\t\t                            <header class=\"accordion__header\">\n                                <h2 class=\"accordion__title\">M\u00e9decine<\/h2>\n                            <\/header>\n\t\t\t\t\t\t\n\t\t\t\t\t\t                            <div class=\"accordion__content\">\n\t\t\t\t\t\t\t\t<ul>\n<li><a href=\"http:\/\/www.chu-rouen.fr\/cismef\/cismef.html#2\" target=\"blank\">Catalogue et index des sites m\u00e9dicaux francophones<\/a><\/li>\n<li><a href=\"https:\/\/www.medizin-forum.de\/phpbb\/index.php\" target=\"blank\">Deutsches Medizin Forum: News<\/a><\/li>\n<li><a href=\"http:\/\/www.remede.org\/spip\/rubrique2.html\" target=\"blank\">Etudes de m\u00e9decine<\/a><\/li>\n<li><a href=\"http:\/\/www.medizinfo.de\/jobborse\/ausland\/html\/eu.html\" target=\"blank\">MedizInfo: Arbeiten in Europa<\/a><\/li>\n<li><a href=\"https:\/\/www.medknowledge.de\/site-map\/articles\/271-aerzte\/2897-jobs-stellensuche-fuer-medizin-und-pharmazie.html\" target=\"blank\">Studieren und Arbeiten im Ausland<\/a><\/li>\n<\/ul>\n                            <\/div>\n\t\t\t\t\t\t\n\t\t\t\t\t\t\n                    <\/div><!-- .accordion -->\n\n\t\t\t\t\n\t\t\t\t\t\t\t\t\t                    <div class=\"accordion__item\" id=\"69f4bb8fbc5c4\">\n\n\t\t\t\t\t\t                            <header class=\"accordion__header\">\n                                <h2 class=\"accordion__title\">Sciences \u00e9conomiques<\/h2>\n                            <\/header>\n\t\t\t\t\t\t\n\t\t\t\t\t\t                            <div class=\"accordion__content\">\n\t\t\t\t\t\t\t\t<ul>\n<li><a href=\"http:\/\/www.diw.de\/deutsch\/\" target=\"blank\">Deutsches Institut f\u00fcr Wirtschaftsforschung (DIW) Berlin<\/a><\/li>\n<\/ul>\n                            <\/div>\n\t\t\t\t\t\t\n\t\t\t\t\t\t\n                    <\/div><!-- .accordion -->\n\n\t\t\t\t\n\t\t\t\t\t\t\t\t\t                    <div class=\"accordion__item\" id=\"69f4bb8fbc5cf\">\n\n\t\t\t\t\t\t                            <header class=\"accordion__header\">\n                                <h2 class=\"accordion__title\">Droit<\/h2>\n                            <\/header>\n\t\t\t\t\t\t\n\t\t\t\t\t\t                            <div class=\"accordion__content\">\n\t\t\t\t\t\t\t\t<ul>\n<li><a href=\"http:\/\/www.jura-cafe.de\/\" target=\"blank\">Auslandsstudium, Pr\u00fcfungs\u00e4mter etc.<\/a><\/li>\n<li><a href=\"http:\/\/www.bijus.eu\/?type-de-publication=f-bijus\" target=\"blank\">BIJUS \u2013 die bibliographische Schnittstelle zweier Rechtskulturen [Universit\u00e4t des Saarlandes\/Universit\u00e9 de Nancy]<\/a><\/li>\n<li><a href=\"http:\/\/www.jura.uni-sb.de\/CJFA\/\" target=\"blank\">CFJA - Centre juridique franco-allemand<\/a><\/li>\n<li><a href=\"http:\/\/www.cms-bfl.com\/Pages\/default.aspx\" target=\"blank\">CMS Bureau Francis Lefebvre - 1\u00e8re \u00e9dition du Prix Franco-Allemand CMS<\/a><\/li>\n<li><a href=\"https:\/\/www.dfj.org\/kontakt\" target=\"blank\">Deutsch-Franz\u00f6sische Juristenvereinigung (U Mainz)<\/a><\/li>\n<li><a href=\"http:\/\/www.dfj.org\/\" target=\"blank\">Deutsch-Franz\u00f6sische Juristenvereinigung e.V. (DFJ)<\/a><\/li>\n<li><a href=\"http:\/\/www.legifrance.gouv.fr\/\" target=\"blank\">L'essentiel du droit fran\u00e7ais<\/a><\/li>\n<li><a href=\"http:\/\/www.studjur-online.de\/\" target=\"blank\">StudJur-Online: Informationen zu Universit\u00e4ten, Studium, Referendariat<\/a><\/li>\n<\/ul>\n                            <\/div>\n\t\t\t\t\t\t\n\t\t\t\t\t\t\n                    <\/div><!-- .accordion -->\n\n\t\t\t\t\n\t\t\t\t\t\t\t\t\t                    <div class=\"accordion__item\" id=\"69f4bb8fbc5f8\">\n\n\t\t\t\t\t\t                            <header class=\"accordion__header\">\n                                <h2 class=\"accordion__title\">Sciences humaines et sociales<\/h2>\n                            <\/header>\n\t\t\t\t\t\t\n\t\t\t\t\t\t                            <div class=\"accordion__content\">\n\t\t\t\t\t\t\t\t<ul>\n<li><a href=\"http:\/\/www.cmb.hu-berlin.de\/\" target=\"blank\">CMB \u2013 Centre Marc Bloch: centre franco-allemand de recherche en sciences sociales de Berlin<\/a><\/li>\n<li><a href=\"http:\/\/www.deuframat.de\/\" target=\"blank\">Deutsch-Franz\u00f6sische Materialien<\/a><\/li>\n<li><a href=\"http:\/\/www.e-politik.de\/\" target=\"blank\">e-politik.de - Politik, Gesellschaft &amp; Politikwissenschaft<\/a><\/li>\n<li><a href=\"http:\/\/www.ehess.fr\/\" target=\"blank\">Ecole des Hautes Etudes en Sciences Sociales (EHESS)<\/a><\/li>\n<li><a href=\"https:\/\/www.ciep.fr\/assistants-francais-a-letranger\/ressources-pedagogiques\">CIEP \u2013 ressources p\u00e9dagogiques de fran\u00e7ais langue \u00e9trang\u00e8re et de la litt\u00e9rature<\/a><\/li>\n<li><a href=\"http:\/\/www.liens-socio.org\/\" target=\"blank\">le portail francophone des sciences sociales<\/a><\/li>\n<li><a href=\"http:\/\/www.francoromanistes.de\/\" target=\"blank\">Romanistische Forschung weltweit \u2013 Franko Romanistik<\/a><\/li>\n<\/ul>\n                            <\/div>\n\t\t\t\t\t\t\n\t\t\t\t\t\t\n                    <\/div><!-- .accordion -->\n\n\t\t\t\t\n\t\t\t\t\t\t\t\t\t                    <div class=\"accordion__item\" id=\"69f4bb8fbc619\">\n\n\t\t\t\t\t\t                            <header class=\"accordion__header\">\n                                <h2 class=\"accordion__title\">Formation des enseignants<\/h2>\n                            <\/header>\n\t\t\t\t\t\t\n\t\t\t\t\t\t                            <div class=\"accordion__content\">\n\t\t\t\t\t\t\t\t<ul>\n<li><a href=\"http:\/\/www.archives-nationales.culture.gouv.fr\/\" target=\"blank\">Centre historique des Archives Nationales (CHAN)<\/a><\/li>\n<li><a href=\"http:\/\/www.ciep.fr\/\" target=\"blank\">Centre International d'Etudes p\u00e9dagogiques (CIEP)<\/a><\/li>\n<li><a href=\"http:\/\/www.cndp.fr\/\" target=\"blank\">Centre National de documentation p\u00e9dagogique (CNDP)<\/a><\/li>\n<li><a href=\"https:\/\/www.fle.fr\/\" target=\"blank\">Enseignement du fran\u00e7ais langue \u00e9trang\u00e8re (FLE)<\/a><\/li>\n<li><a href=\"http:\/\/www.lettres.net\/\" target=\"blank\">\u00c9tude et enseignement du fran\u00e7ais<\/a><\/li>\n<li><a href=\"http:\/\/www.on-luebeck.de\/~swessin\/\" target=\"blank\">Frankreich und Franz\u00f6sisch im Internet<\/a><\/li>\n<li><a href=\"http:\/\/www.fse.ulaval.ca\/fac\/Grammaire-BEPP\/\" target=\"blank\">Grammaire<\/a><\/li>\n<li><a href=\"http:\/\/www.wessin.de\/\" target=\"blank\">Internetprojekte im Franz\u00f6sischunterricht (Linksammlung von Susan Wessin)<\/a><\/li>\n<li><a href=\"http:\/\/www.cafepedagogique.net\/\" target=\"blank\">Le Caf\u00e9 P\u00e9dagogique - Toute l'actualit\u00e9 p\u00e9dagogique sur Internet<\/a><\/li>\n<li><a href=\"http:\/\/www.fdlm.org\/\" target=\"blank\">Le fran\u00e7ais dans le monde \u2013 revue de la f\u00e9d\u00e9ration des professeurs de fran\u00e7ais<\/a><\/li>\n<li><a href=\"http:\/\/perso.wanadoo.fr\/methodologis\/\" target=\"blank\">METHODOLOGIS: Le portail des sites pour les \u00e9tudiants et les professeurs de Fran\u00e7ais Langue Etrang\u00e8re<\/a><\/li>\n<li><a href=\"http:\/\/noe-education.com\/\" target=\"blank\">noe-education.com \u2013 un site pour les profs<\/a><\/li>\n<li><a href=\"http:\/\/www.tv5.org\/TV5Site\/lf\/langue_francaise.php\" target=\"blank\">TV5 - Apprendre et enseigner le Fran\u00e7ais avec TV5<\/a><\/li>\n<li><a href=\"http:\/\/www.zum.de\/\" target=\"blank\">Zentrale f\u00fcr Unterrichtsmedien Im Internet e.V.<\/a><\/li>\n<\/ul>\n                            <\/div>\n\t\t\t\t\t\t\n\t\t\t\t\t\t\n                    <\/div><!-- .accordion -->\n\n\t\t\t\t\n\t\t\t\t\t\t\t\t\t                    <div class=\"accordion__item\" id=\"69f4bb8fbc65c\">\n\n\t\t\t\t\t\t                            <header class=\"accordion__header\">\n                                <h2 class=\"accordion__title\">Cursus de niveau post-licence<\/h2>\n                            <\/header>\n\t\t\t\t\t\t\n\t\t\t\t\t\t                            <div class=\"accordion__content\">\n\t\t\t\t\t\t\t\t<ul>\n<li><a href=\"http:\/\/www.cfpj.com\/\" target=\"blank\">Centre de Formation et de Perfectionnement des Journalistes (CFJP)<\/a><\/li>\n<li><a href=\"https:\/\/www.abg.asso.fr\/fr\/article\/1855\/docteurs-and-co\" target=\"blank\">Docteurs &amp; Co. - Le magazine des jeunes docteurs qui choisissent l'entreprise<\/a><\/li>\n<li><a href=\"http:\/\/guilde.jeunes-chercheurs.org\/\" target=\"blank\">La Guilde des Doctorants<\/a><\/li>\n<li><a href=\"http:\/\/www.mpi-inf.mpg.de\/VTSA08\/\" target=\"blank\">Max Planck Institute for Informatics: Summer School 2008: Verification Technology, Systems &amp; Applications<\/a><\/li>\n<\/ul>\n                            <\/div>\n\t\t\t\t\t\t\n\t\t\t\t\t\t\n                    <\/div><!-- .accordion -->\n\n\t\t\t\t\n\t\t\t\t\t\t\t\n        <\/div><!-- .accordion -->\n\n\t\t<\/div><\/div><\/div><\/div>","protected":false},"excerpt":{"rendered":"<p>\u00c9tudiant\u00b7es et futur\u00b7es \u00e9tudiant\u00b7es G\u00e9n\u00e9ralement \u00ab\u00a0Campus und Karriere\u00a0\u00bb: l&rsquo;\u00e9mission sur Deutschland Radio Action pour l&rsquo;Allemand dans l&rsquo;Enseignement Sup\u00e9rieur (ALLES) AIESEC &#8211; Studentenorganisation Alles zum virtuellen Studium und ELearning an deutschen Hochschulen Association franco-allemande pour la science et la technologie Centre d&rsquo;Informatisation des Donn\u00e9es Socio-Politiques (Cidsp) CORDIS &#8211; Service recherche et technologie de la France Deutsches [&hellip;]<\/p>\n","protected":false},"author":6,"featured_media":0,"parent":811,"menu_order":1560,"comment_status":"closed","ping_status":"closed","template":"","meta":{"_bbp_topic_count":0,"_bbp_reply_count":0,"_bbp_total_topic_count":0,"_bbp_total_reply_count":0,"_bbp_voice_count":0,"_bbp_anonymous_reply_count":0,"_bbp_topic_count_hidden":0,"_bbp_reply_count_hidden":0,"_bbp_forum_subforum_count":0,"inline_featured_image":false},"acf":[],"_links":{"self":[{"href":"https:\/\/www.dfh-ufa.org\/fr\/wp-json\/wp\/v2\/pages\/9087"}],"collection":[{"href":"https:\/\/www.dfh-ufa.org\/fr\/wp-json\/wp\/v2\/pages"}],"about":[{"href":"https:\/\/www.dfh-ufa.org\/fr\/wp-json\/wp\/v2\/types\/page"}],"author":[{"embeddable":true,"href":"https:\/\/www.dfh-ufa.org\/fr\/wp-json\/wp\/v2\/users\/6"}],"replies":[{"embeddable":true,"href":"https:\/\/www.dfh-ufa.org\/fr\/wp-json\/wp\/v2\/comments?post=9087"}],"version-history":[{"count":24,"href":"https:\/\/www.dfh-ufa.org\/fr\/wp-json\/wp\/v2\/pages\/9087\/revisions"}],"predecessor-version":[{"id":1962054,"href":"https:\/\/www.dfh-ufa.org\/fr\/wp-json\/wp\/v2\/pages\/9087\/revisions\/1962054"}],"up":[{"embeddable":true,"href":"https:\/\/www.dfh-ufa.org\/fr\/wp-json\/wp\/v2\/pages\/811"}],"wp:attachment":[{"href":"https:\/\/www.dfh-ufa.org\/fr\/wp-json\/wp\/v2\/media?parent=9087"}],"curies":[{"name":"wp","href":"https:\/\/api.w.org\/{rel}","templated":true}]}}